{"id":376,"date":"2024-03-08T09:16:23","date_gmt":"2024-03-08T09:16:23","guid":{"rendered":"https:\/\/ccov.square-com.fr\/neufchateau\/?post_type=contenu&#038;p=376"},"modified":"2025-08-08T09:59:11","modified_gmt":"2025-08-08T08:59:11","slug":"location-de-salles","status":"publish","type":"contenu","link":"https:\/\/ccov.fr\/neufchateau\/contenu\/location-de-salles\/","title":{"rendered":"Location de salles"},"content":{"rendered":"\n<h3 class=\"wp-block-heading has-text-color has-link-color wp-elements-c5121696203a157282af3410f403d71a\" style=\"color:#18628e\">SALLE DES CORDELIERS<\/h3>\n\n\n\n<figure class=\"wp-block-image size-full\"><img fetchpriority=\"high\" decoding=\"async\" width=\"591\" height=\"394\" src=\"https:\/\/ccov.square-com.fr\/neufchateau\/wp-content\/uploads\/sites\/2\/2024\/03\/coredlier.jpg\" alt=\"\" class=\"wp-image-378\" srcset=\"https:\/\/ccov.fr\/neufchateau\/wp-content\/uploads\/sites\/2\/2024\/03\/coredlier.jpg 591w, https:\/\/ccov.fr\/neufchateau\/wp-content\/uploads\/sites\/2\/2024\/03\/coredlier-300x200.jpg 300w\" sizes=\"(max-width: 591px) 100vw, 591px\" \/><\/figure>\n\n\n\n<hr class=\"wp-block-separator has-alpha-channel-opacity\"\/>\n\n\n\n<h4 class=\"wp-block-heading\">ADRESSE<\/h4>\n\n\n\n<p>Rue des Cordeliers<\/p>\n\n\n\n<h4 class=\"wp-block-heading\">CAPACIT\u00c9<\/h4>\n\n\n\n<p>19 personnes maximum<\/p>\n\n\n\n<h4 class=\"wp-block-heading\">TARIFS<\/h4>\n\n\n\n<p>15\u20ac la demi-journ\u00e9e<\/p>\n\n\n\n<p>20\u20ac la journ\u00e9e<\/p>\n\n\n\n<h3 class=\"wp-block-heading has-text-color has-link-color wp-elements-00f934a78d3e62c82bb4f9fdc90d62ce\" style=\"color:#1f75a8\">SALLE DIAPASON<\/h3>\n\n\n\n<figure class=\"wp-block-image size-full is-resized\"><img decoding=\"async\" width=\"1920\" height=\"2560\" src=\"https:\/\/ccov.square-com.fr\/neufchateau\/wp-content\/uploads\/sites\/2\/2025\/08\/IMG_4674-scaled.jpg\" alt=\"\" class=\"wp-image-1829\" style=\"width:576px;height:auto\" srcset=\"https:\/\/ccov.fr\/neufchateau\/wp-content\/uploads\/sites\/2\/2025\/08\/IMG_4674-scaled.jpg 1920w, https:\/\/ccov.fr\/neufchateau\/wp-content\/uploads\/sites\/2\/2025\/08\/IMG_4674-225x300.jpg 225w, https:\/\/ccov.fr\/neufchateau\/wp-content\/uploads\/sites\/2\/2025\/08\/IMG_4674-768x1024.jpg 768w, https:\/\/ccov.fr\/neufchateau\/wp-content\/uploads\/sites\/2\/2025\/08\/IMG_4674-1152x1536.jpg 1152w, https:\/\/ccov.fr\/neufchateau\/wp-content\/uploads\/sites\/2\/2025\/08\/IMG_4674-1536x2048.jpg 1536w\" sizes=\"(max-width: 1920px) 100vw, 1920px\" \/><\/figure>\n\n\n\n<hr class=\"wp-block-separator has-alpha-channel-opacity\"\/>\n\n\n\n<h4 class=\"wp-block-heading\">ADRESSE<\/h4>\n\n\n\n<p>5 square des Anciens d\u2019Indochine (dans les locaux du CCAS)<\/p>\n\n\n\n<h4 class=\"wp-block-heading\">CAPACIT\u00c9<\/h4>\n\n\n\n<p>19 personnes maximum<\/p>\n\n\n\n<h4 class=\"wp-block-heading\">TARIFS<\/h4>\n\n\n\n<p>15\u20ac la demi-journ\u00e9e<\/p>\n\n\n\n<p>20\u20ac la journ\u00e9e<\/p>\n\n\n\n<h3 class=\"wp-block-heading has-text-color has-link-color wp-elements-92ddd8747bfd2270b5b683036cb7880f\" style=\"color:#206f9d\">CENTRE POLYVALENT DE L\u2019ILE VERTE<\/h3>\n\n\n\n<figure class=\"wp-block-image size-large\"><img decoding=\"async\" width=\"1024\" height=\"409\" src=\"https:\/\/ccov.square-com.fr\/neufchateau\/wp-content\/uploads\/sites\/2\/2024\/03\/ileverte-1-1024x409.jpg\" alt=\"\" class=\"wp-image-379\" srcset=\"https:\/\/ccov.fr\/neufchateau\/wp-content\/uploads\/sites\/2\/2024\/03\/ileverte-1-1024x409.jpg 1024w, https:\/\/ccov.fr\/neufchateau\/wp-content\/uploads\/sites\/2\/2024\/03\/ileverte-1-300x120.jpg 300w, https:\/\/ccov.fr\/neufchateau\/wp-content\/uploads\/sites\/2\/2024\/03\/ileverte-1-768x307.jpg 768w, https:\/\/ccov.fr\/neufchateau\/wp-content\/uploads\/sites\/2\/2024\/03\/ileverte-1.jpg 1181w\" sizes=\"(max-width: 1024px) 100vw, 1024px\" \/><\/figure>\n\n\n\n<hr class=\"wp-block-separator has-alpha-channel-opacity\"\/>\n\n\n\n<h4 class=\"wp-block-heading\">ADRESSE<\/h4>\n\n\n\n<p>Rue du stand<\/p>\n\n\n\n<h4 class=\"wp-block-heading\">CAPACIT\u00c9<\/h4>\n\n\n\n<p>Petite salle : 40 personnes maximum<\/p>\n\n\n\n<p>Grande salle : 180 personnes<\/p>\n\n\n\n<h4 class=\"wp-block-heading has-text-color has-link-color wp-elements-27d620307285a8a1b738b458fe0149d1\" style=\"color:#6525a1\">TARIFS NEUFCH\u00c2TEAU<\/h4>\n\n\n\n<p class=\"has-text-color has-link-color wp-elements-b0feb70c61bce9152494af0ff8dc0f85\" style=\"color:#8308f6\"><strong>Forfait week-end :<\/strong><\/p>\n\n\n\n<p>&#8211; Grande salle + cuisine : 370\u20ac<\/p>\n\n\n\n<p>&#8211; Petite salle + cuisine : 190 \u20ac<\/p>\n\n\n\n<p class=\"has-text-color has-link-color wp-elements-9d19e5cc829f711a6e0d839fbda3b955\" style=\"color:#8206f7\"><strong>A la journ\u00e9e :<\/strong><\/p>\n\n\n\n<p>&#8211; Grande salle + cuisine journ\u00e9e : 200 \u20ac<\/p>\n\n\n\n<p>&#8211; Grande salle journ\u00e9e : 90 \u20ac<\/p>\n\n\n\n<p>&#8211; Petite salle + cuisine journ\u00e9e : 110 \u20ac<\/p>\n\n\n\n<p>&#8211; Petite salle journ\u00e9e : 45\u20ac<\/p>\n\n\n\n<p>Vaisselle couverts \/ personne : 2\u20ac<\/p>\n\n\n\n<h4 class=\"wp-block-heading has-text-color has-link-color wp-elements-bde6d9a919958ed942de2aaeaf05ebc9\" style=\"color:#7341a2\">TARIFS EXT\u00c9RIEURS<\/h4>\n\n\n\n<p class=\"has-text-color has-link-color wp-elements-8321d42a186f0fd733f1bc5eb79b6b19\" style=\"color:#8610f3\"><strong>Forfait week-end :<\/strong><\/p>\n\n\n\n<p>&#8211; Grande salle + cuisine : 450\u20ac<\/p>\n\n\n\n<p>&#8211; Petite salle + cuisine : 210 \u20ac<\/p>\n\n\n\n<p class=\"has-text-color has-link-color wp-elements-27eb73d9ad835c6acef2fde4416025a4\" style=\"color:#8106f4\"><strong>A la journ\u00e9e :<\/strong><\/p>\n\n\n\n<p>&#8211; Grande salle journ\u00e9e : 105 \u20ac<\/p>\n\n\n\n<p>&#8211; Grande salle + cuisine journ\u00e9e : 240 \u20ac<\/p>\n\n\n\n<p>&#8211; Petite salle journ\u00e9e : 55\u20ac<\/p>\n\n\n\n<p>&#8211; Petite salle + cuisine journ\u00e9e : 130 \u20ac<\/p>\n\n\n\n<p>Vaisselle couvert : 2\u20ac<\/p>\n\n\n\n<hr class=\"wp-block-separator has-alpha-channel-opacity\"\/>\n\n\n\n<h4 class=\"wp-block-heading has-text-color has-link-color wp-elements-b70359bad7e2d54bb429c65ce66b9ad1\" style=\"color:#1e6892\">SALLE DES F\u00caTES DE ROLLAINVILLE <strong>(r\u00e9serv\u00e9e aux habitants de Rollainville)<\/strong><\/h4>\n\n\n\n<figure class=\"wp-block-image size-large is-resized\"><img loading=\"lazy\" decoding=\"async\" width=\"768\" height=\"1024\" src=\"https:\/\/ccov.square-com.fr\/neufchateau\/wp-content\/uploads\/sites\/2\/2025\/08\/IMG_4671-768x1024.jpg\" alt=\"\" class=\"wp-image-1830\" style=\"width:471px;height:auto\" srcset=\"https:\/\/ccov.fr\/neufchateau\/wp-content\/uploads\/sites\/2\/2025\/08\/IMG_4671-768x1024.jpg 768w, https:\/\/ccov.fr\/neufchateau\/wp-content\/uploads\/sites\/2\/2025\/08\/IMG_4671-225x300.jpg 225w, https:\/\/ccov.fr\/neufchateau\/wp-content\/uploads\/sites\/2\/2025\/08\/IMG_4671-1152x1536.jpg 1152w, https:\/\/ccov.fr\/neufchateau\/wp-content\/uploads\/sites\/2\/2025\/08\/IMG_4671-1536x2048.jpg 1536w, https:\/\/ccov.fr\/neufchateau\/wp-content\/uploads\/sites\/2\/2025\/08\/IMG_4671-scaled.jpg 1920w\" sizes=\"(max-width: 768px) 100vw, 768px\" \/><\/figure>\n\n\n\n<hr class=\"wp-block-separator has-alpha-channel-opacity\"\/>\n\n\n\n<h4 class=\"wp-block-heading\">ADRESSE<\/h4>\n\n\n\n<p>Grande Rue<\/p>\n\n\n\n<h4 class=\"wp-block-heading\">CAPACIT\u00c9<\/h4>\n\n\n\n<p>100 personnes<\/p>\n\n\n\n<h4 class=\"wp-block-heading has-text-color has-link-color wp-elements-1d2fbe837db0fcd2f7ff07b744534c08\" style=\"color:#6525a1\">TARIFS <\/h4>\n\n\n\n<p>&#8211; Demi-journ\u00e9e : 60\u20ac<\/p>\n\n\n\n<p>&#8211; Journ\u00e9e : 100 \u20ac<\/p>\n\n\n\n<p>&#8211; 2 journ\u00e9es : 180\u20ac<\/p>\n\n\n\n<p>&#8211; 3 journ\u00e9es : 240 \u20ac<\/p>\n\n\n\n<p>Vaisselle : 1\u20ac \/ personne<\/p>\n\n\n\n<p>Electricit\u00e9 : <\/p>\n\n\n\n<p>&#8211; HP : 0.25 Kw<\/p>\n\n\n\n<p>&#8211; HC : 0.20 kw<\/p>\n\n\n\n<p>Forfait nettoyage (non ou mal effectu\u00e9) : 90 \u20ac<\/p>\n\n\n\n<p><em>Pour toute r\u00e9servation de ces salles et tout renseignement compl\u00e9mentaire, il convient de s\u2019adresser en mairie :<\/em><\/p>\n\n\n\n<p><em>T\u00e9l. : 03.29.95.20.20<\/em><\/p>\n\n\n\n<p><em>&nbsp;Fax. : 03.29.94.04.88<\/em><\/p>\n\n\n\n<p><em>&nbsp;Courriel :&nbsp;<a href=\"mailto:david.fessler@mairie-neufchateau.fr%3E\">david.fessler@mairie-neufchateau.fr<\/a><\/em><\/p>\n","protected":false},"featured_media":374,"parent":0,"menu_order":0,"template":"","categories":[40,45],"class_list":["post-376","contenu","type-contenu","status-publish","has-post-thumbnail","hentry","category-a-votre-service","category-location"],"acf":[],"_links":{"self":[{"href":"https:\/\/ccov.fr\/neufchateau\/wp-json\/wp\/v2\/contenu\/376","targetHints":{"allow":["GET"]}}],"collection":[{"href":"https:\/\/ccov.fr\/neufchateau\/wp-json\/wp\/v2\/contenu"}],"about":[{"href":"https:\/\/ccov.fr\/neufchateau\/wp-json\/wp\/v2\/types\/contenu"}],"version-history":[{"count":7,"href":"https:\/\/ccov.fr\/neufchateau\/wp-json\/wp\/v2\/contenu\/376\/revisions"}],"predecessor-version":[{"id":1891,"href":"https:\/\/ccov.fr\/neufchateau\/wp-json\/wp\/v2\/contenu\/376\/revisions\/1891"}],"wp:featuredmedia":[{"embeddable":true,"href":"https:\/\/ccov.fr\/neufchateau\/wp-json\/wp\/v2\/media\/374"}],"wp:attachment":[{"href":"https:\/\/ccov.fr\/neufchateau\/wp-json\/wp\/v2\/media?parent=376"}],"wp:term":[{"taxonomy":"category","embeddable":true,"href":"https:\/\/ccov.fr\/neufchateau\/wp-json\/wp\/v2\/categories?post=376"}],"curies":[{"name":"wp","href":"https:\/\/api.w.org\/{rel}","templated":true}]}}