{"id":776,"date":"2024-03-20T19:57:35","date_gmt":"2024-03-20T19:57:35","guid":{"rendered":"https:\/\/ccov.square-com.fr\/neufchateau\/?post_type=contenu&#038;p=776"},"modified":"2026-03-20T14:04:09","modified_gmt":"2026-03-20T13:04:09","slug":"parc-des-confluences","status":"publish","type":"contenu","link":"https:\/\/ccov.fr\/neufchateau\/contenu\/vie-quotidienne\/environnement\/parc-des-confluences\/","title":{"rendered":"Parc des Confluences"},"content":{"rendered":"\t\t<div data-elementor-type=\"wp-post\" data-elementor-id=\"776\" class=\"elementor elementor-776\" data-elementor-post-type=\"contenu\">\n\t\t\t\t<div class=\"elementor-element elementor-element-7a33f162 e-flex e-con-boxed e-con e-parent\" data-id=\"7a33f162\" data-element_type=\"container\" data-settings=\"{&quot;content_width&quot;:&quot;boxed&quot;}\" data-core-v316-plus=\"true\">\n\t\t\t\t\t<div class=\"e-con-inner\">\n\t\t\t\t<div class=\"elementor-element elementor-element-17d06ae4 elementor-widget elementor-widget-text-editor\" data-id=\"17d06ae4\" data-element_type=\"widget\" data-widget_type=\"text-editor.default\">\n\t\t\t\t<div class=\"elementor-widget-container\">\n\t\t\t<style>\/*! elementor - v3.19.0 - 28-02-2024 *\/\n.elementor-widget-text-editor.elementor-drop-cap-view-stacked .elementor-drop-cap{background-color:#69727d;color:#fff}.elementor-widget-text-editor.elementor-drop-cap-view-framed .elementor-drop-cap{color:#69727d;border:3px solid;background-color:transparent}.elementor-widget-text-editor:not(.elementor-drop-cap-view-default) .elementor-drop-cap{margin-top:8px}.elementor-widget-text-editor:not(.elementor-drop-cap-view-default) .elementor-drop-cap-letter{width:1em;height:1em}.elementor-widget-text-editor .elementor-drop-cap{float:left;text-align:center;line-height:1;font-size:50px}.elementor-widget-text-editor .elementor-drop-cap-letter{display:inline-block}<\/style>\t\t\t\t<!-- wp:paragraph -->\n<p>Ces 2 hectares de promenade urbaine forment un v\u00e9ritable \u00eelot de biodiversit\u00e9. Ce poumon vert en plein c\u0153ur de ville est plac\u00e9 sous le signe du respect de l\u2019environnement\u00a0; sa v\u00e9g\u00e9tation a \u00e9t\u00e9 sp\u00e9cialement choisie pour participer \u00e0 l\u2019\u00e9vapotranspiration qui am\u00e8ne de l\u2019ombrage permettant de faire baisser la temp\u00e9rature de 2\u00b0 \u00e0 8 \u00b0C en p\u00e9riode caniculaire. Pour agr\u00e9menter cet espace v\u00e9g\u00e9tal, des brumisateurs sont install\u00e9s (particuli\u00e8rement appr\u00e9ci\u00e9s par les familles en p\u00e9riode de fortes chaleurs).<\/p>\n<!-- \/wp:paragraph --><!-- wp:paragraph -->\n<p>Plus de 250 arbres de 3,50 \u00e0 5 m\u00e8tres y sont plant\u00e9s avec une diversit\u00e9 d\u2019esp\u00e8ces tr\u00e8s cons\u00e9quente (voir ci-dessous). Aussi, la totalit\u00e9 des espaces verts de ce nouveau parc fait l\u2019objet d\u2019une gestion diff\u00e9renci\u00e9e qui favorise la diversit\u00e9 des \u00eatres vivants et des milieux naturels afin de pr\u00e9server la faune et la flore. Une cuve souterraine de r\u00e9cup\u00e9ration d\u2019eau de 120 m<sup>3<\/sup> assure l\u2019entretien du parc et celui des autres v\u00e9g\u00e9taux de la ville.<\/p>\n<!-- \/wp:paragraph --><!-- wp:paragraph -->\n<p>Con\u00e7u \u00e0 destination de toutes les tranches d\u2019\u00e2ge, les juniors comme les s\u00e9niors, ce nouveau parc permet \u00e0 chacun de profiter de promenades, de jeux libres, des aires de jeux mais aussi de pouvoir faire du sport notamment gr\u00e2ce aux appareils de \u00ab\u00a0street workout\u00a0\u00bb\u00a0! Un espace sp\u00e9cifique avec un sol terre-pierre accueille des animations et manifestations tout au long de l&#8217;ann\u00e9e.<\/p>\n<!-- \/wp:paragraph --><!-- wp:image {\"align\":\"center\",\"id\":1805,\"sizeSlug\":\"large\",\"linkDestination\":\"none\"} -->\n<figure class=\"wp-block-image aligncenter size-large\"><img fetchpriority=\"high\" decoding=\"async\" width=\"1024\" height=\"683\" class=\"wp-image-1805\" src=\"https:\/\/ccov.square-com.fr\/neufchateau\/wp-content\/uploads\/sites\/2\/2025\/08\/parc-1024x683.jpg\" alt=\"\" srcset=\"https:\/\/ccov.fr\/neufchateau\/wp-content\/uploads\/sites\/2\/2025\/08\/parc-1024x683.jpg 1024w, https:\/\/ccov.fr\/neufchateau\/wp-content\/uploads\/sites\/2\/2025\/08\/parc-300x200.jpg 300w, https:\/\/ccov.fr\/neufchateau\/wp-content\/uploads\/sites\/2\/2025\/08\/parc-768x512.jpg 768w, https:\/\/ccov.fr\/neufchateau\/wp-content\/uploads\/sites\/2\/2025\/08\/parc-1536x1024.jpg 1536w, https:\/\/ccov.fr\/neufchateau\/wp-content\/uploads\/sites\/2\/2025\/08\/parc-2048x1365.jpg 2048w\" sizes=\"(max-width: 1024px) 100vw, 1024px\" \/><\/figure>\n<!-- \/wp:image --><!-- wp:image {\"align\":\"center\",\"id\":1806,\"width\":\"800px\",\"height\":\"auto\",\"sizeSlug\":\"large\",\"linkDestination\":\"none\"} -->\n<figure class=\"wp-block-image aligncenter size-large is-resized\"><img decoding=\"async\" width=\"1024\" height=\"683\" class=\"wp-image-1806\" style=\"width: 800px; height: auto;\" src=\"https:\/\/ccov.square-com.fr\/neufchateau\/wp-content\/uploads\/sites\/2\/2025\/08\/parc_2-1024x683.jpg\" alt=\"\" srcset=\"https:\/\/ccov.fr\/neufchateau\/wp-content\/uploads\/sites\/2\/2025\/08\/parc_2-1024x683.jpg 1024w, https:\/\/ccov.fr\/neufchateau\/wp-content\/uploads\/sites\/2\/2025\/08\/parc_2-300x200.jpg 300w, https:\/\/ccov.fr\/neufchateau\/wp-content\/uploads\/sites\/2\/2025\/08\/parc_2-768x512.jpg 768w, https:\/\/ccov.fr\/neufchateau\/wp-content\/uploads\/sites\/2\/2025\/08\/parc_2-1536x1024.jpg 1536w, https:\/\/ccov.fr\/neufchateau\/wp-content\/uploads\/sites\/2\/2025\/08\/parc_2-2048x1365.jpg 2048w\" sizes=\"(max-width: 1024px) 100vw, 1024px\" \/><\/figure>\n<!-- \/wp:image --><!-- wp:paragraph -->\n<p>\u00a0<\/p>\n<!-- \/wp:paragraph --><!-- wp:heading -->\n<h2 class=\"wp-block-heading\">Plantations : retrouvez ci-dessous les diff\u00e9rentes esp\u00e8ces \u00e0 d\u00e9couvrir dans le parc.<\/h2>\n<!-- \/wp:heading --><!-- wp:paragraph -->\n<p><img decoding=\"async\" class=\"alignnone size-medium wp-image-2361\" src=\"https:\/\/ccov.fr\/neufchateau\/wp-content\/uploads\/sites\/2\/2026\/03\/Acer_pseudoplatanus_Atropurpureum_JPG5-1-300x200.jpg\" alt=\"\" width=\"300\" height=\"200\" srcset=\"https:\/\/ccov.fr\/neufchateau\/wp-content\/uploads\/sites\/2\/2026\/03\/Acer_pseudoplatanus_Atropurpureum_JPG5-1-300x200.jpg 300w, https:\/\/ccov.fr\/neufchateau\/wp-content\/uploads\/sites\/2\/2026\/03\/Acer_pseudoplatanus_Atropurpureum_JPG5-1-768x512.jpg 768w, https:\/\/ccov.fr\/neufchateau\/wp-content\/uploads\/sites\/2\/2026\/03\/Acer_pseudoplatanus_Atropurpureum_JPG5-1.jpg 886w\" sizes=\"(max-width: 300px) 100vw, 300px\" \/><\/p>\n<!-- \/wp:paragraph --><!-- wp:heading {\"level\":3} -->\n<h3 class=\"wp-block-heading\"><a href=\"https:\/\/ccov.fr\/neufchateau\/vie-quotidienne\/environnement\/parc-des-confluences\/plantations\/erable-sycomore\/\">Erable Sycomore<\/a><\/h3>\n<!-- \/wp:heading --><!-- wp:paragraph -->\n<p><img loading=\"lazy\" decoding=\"async\" class=\"alignnone size-medium wp-image-2364\" src=\"https:\/\/ccov.fr\/neufchateau\/wp-content\/uploads\/sites\/2\/2026\/03\/Betula_Pendula_at_Stockholm_University_2005-07-01-300x224.jpg\" alt=\"\" width=\"300\" height=\"224\" srcset=\"https:\/\/ccov.fr\/neufchateau\/wp-content\/uploads\/sites\/2\/2026\/03\/Betula_Pendula_at_Stockholm_University_2005-07-01-300x224.jpg 300w, https:\/\/ccov.fr\/neufchateau\/wp-content\/uploads\/sites\/2\/2026\/03\/Betula_Pendula_at_Stockholm_University_2005-07-01-1024x766.jpg 1024w, https:\/\/ccov.fr\/neufchateau\/wp-content\/uploads\/sites\/2\/2026\/03\/Betula_Pendula_at_Stockholm_University_2005-07-01-768x575.jpg 768w, https:\/\/ccov.fr\/neufchateau\/wp-content\/uploads\/sites\/2\/2026\/03\/Betula_Pendula_at_Stockholm_University_2005-07-01.jpg 1144w\" sizes=\"(max-width: 300px) 100vw, 300px\" \/><\/p>\n<!-- \/wp:paragraph --><!-- wp:heading {\"level\":3} -->\n<h3 class=\"wp-block-heading\"><a href=\"https:\/\/ccov.fr\/neufchateau\/vie-quotidienne\/environnement\/parc-des-confluences\/plantations\/bouleau-verruqueux\/\">Bouleau commun<\/a><\/h3>\n<!-- \/wp:heading --><!-- wp:paragraph -->\n<p><img loading=\"lazy\" decoding=\"async\" class=\"alignnone size-medium wp-image-2368\" src=\"https:\/\/ccov.fr\/neufchateau\/wp-content\/uploads\/sites\/2\/2026\/03\/Cheremshanka_Starovyzhivskyi_Volynska-Betula_nigra_natural_monument-details-3-300x200.jpg\" alt=\"\" width=\"300\" height=\"200\" srcset=\"https:\/\/ccov.fr\/neufchateau\/wp-content\/uploads\/sites\/2\/2026\/03\/Cheremshanka_Starovyzhivskyi_Volynska-Betula_nigra_natural_monument-details-3-300x200.jpg 300w, https:\/\/ccov.fr\/neufchateau\/wp-content\/uploads\/sites\/2\/2026\/03\/Cheremshanka_Starovyzhivskyi_Volynska-Betula_nigra_natural_monument-details-3-768x512.jpg 768w, https:\/\/ccov.fr\/neufchateau\/wp-content\/uploads\/sites\/2\/2026\/03\/Cheremshanka_Starovyzhivskyi_Volynska-Betula_nigra_natural_monument-details-3.jpg 886w\" sizes=\"(max-width: 300px) 100vw, 300px\" \/><\/p>\n<!-- \/wp:paragraph --><!-- wp:heading {\"level\":3} -->\n<h3 class=\"wp-block-heading\"><a href=\"https:\/\/ccov.fr\/neufchateau\/vie-quotidienne\/environnement\/parc-des-confluences\/plantations\/bouleau-noir\/\">Bouleau noir<\/a><\/h3>\n<!-- \/wp:heading --><!-- wp:paragraph -->\n<p><img loading=\"lazy\" decoding=\"async\" class=\"alignnone size-medium wp-image-2375\" src=\"https:\/\/ccov.fr\/neufchateau\/wp-content\/uploads\/sites\/2\/2026\/03\/Gleditsia_triacanthos_Maryhill_Museum_01-300x234.jpg\" alt=\"\" width=\"300\" height=\"234\" srcset=\"https:\/\/ccov.fr\/neufchateau\/wp-content\/uploads\/sites\/2\/2026\/03\/Gleditsia_triacanthos_Maryhill_Museum_01-300x234.jpg 300w, https:\/\/ccov.fr\/neufchateau\/wp-content\/uploads\/sites\/2\/2026\/03\/Gleditsia_triacanthos_Maryhill_Museum_01-1024x799.jpg 1024w, https:\/\/ccov.fr\/neufchateau\/wp-content\/uploads\/sites\/2\/2026\/03\/Gleditsia_triacanthos_Maryhill_Museum_01-768x599.jpg 768w, https:\/\/ccov.fr\/neufchateau\/wp-content\/uploads\/sites\/2\/2026\/03\/Gleditsia_triacanthos_Maryhill_Museum_01-1536x1199.jpg 1536w, https:\/\/ccov.fr\/neufchateau\/wp-content\/uploads\/sites\/2\/2026\/03\/Gleditsia_triacanthos_Maryhill_Museum_01-2048x1598.jpg 2048w\" sizes=\"(max-width: 300px) 100vw, 300px\" \/><\/p>\n<!-- \/wp:paragraph --><!-- wp:heading {\"level\":3} -->\n<h3 class=\"wp-block-heading\"><a href=\"https:\/\/ccov.fr\/neufchateau\/vie-quotidienne\/environnement\/parc-des-confluences\/plantations\/fevier-damerique\/\">F\u00e9vier d\u2019Am\u00e9rique<\/a><\/h3>\n<!-- \/wp:heading --><!-- wp:paragraph -->\n<p><img loading=\"lazy\" decoding=\"async\" class=\"alignnone size-medium wp-image-2380\" src=\"https:\/\/ccov.fr\/neufchateau\/wp-content\/uploads\/sites\/2\/2026\/03\/Juglans_Nigra_-_Val_Dieu_-_Belgium_01-300x200.jpg\" alt=\"\" width=\"300\" height=\"200\" srcset=\"https:\/\/ccov.fr\/neufchateau\/wp-content\/uploads\/sites\/2\/2026\/03\/Juglans_Nigra_-_Val_Dieu_-_Belgium_01-300x200.jpg 300w, https:\/\/ccov.fr\/neufchateau\/wp-content\/uploads\/sites\/2\/2026\/03\/Juglans_Nigra_-_Val_Dieu_-_Belgium_01-768x512.jpg 768w, https:\/\/ccov.fr\/neufchateau\/wp-content\/uploads\/sites\/2\/2026\/03\/Juglans_Nigra_-_Val_Dieu_-_Belgium_01.jpg 886w\" sizes=\"(max-width: 300px) 100vw, 300px\" \/><\/p>\n<!-- \/wp:paragraph --><!-- wp:heading {\"level\":3} -->\n<h3 class=\"wp-block-heading\"><a href=\"https:\/\/ccov.fr\/neufchateau\/vie-quotidienne\/environnement\/parc-des-confluences\/plantations\/noyer-noir\/\">Noyer noir<\/a><\/h3>\n<!-- \/wp:heading --><!-- wp:paragraph -->\n<p><img loading=\"lazy\" decoding=\"async\" class=\"alignnone size-medium wp-image-2388\" src=\"https:\/\/ccov.fr\/neufchateau\/wp-content\/uploads\/sites\/2\/2026\/03\/Liquidambar_styraciflua_in_Golden_Valley_Tree_Park_May_2022_03-225x300.jpg\" alt=\"\" width=\"225\" height=\"300\" srcset=\"https:\/\/ccov.fr\/neufchateau\/wp-content\/uploads\/sites\/2\/2026\/03\/Liquidambar_styraciflua_in_Golden_Valley_Tree_Park_May_2022_03-225x300.jpg 225w, https:\/\/ccov.fr\/neufchateau\/wp-content\/uploads\/sites\/2\/2026\/03\/Liquidambar_styraciflua_in_Golden_Valley_Tree_Park_May_2022_03-768x1024.jpg 768w, https:\/\/ccov.fr\/neufchateau\/wp-content\/uploads\/sites\/2\/2026\/03\/Liquidambar_styraciflua_in_Golden_Valley_Tree_Park_May_2022_03.jpg 797w\" sizes=\"(max-width: 225px) 100vw, 225px\" \/><\/p>\n<!-- \/wp:paragraph --><!-- wp:heading {\"level\":3} -->\n<h3 class=\"wp-block-heading\"><a href=\"https:\/\/ccov.fr\/neufchateau\/vie-quotidienne\/environnement\/parc-des-confluences\/plantations\/copalme-damerique\/\">Copalme d\u2019Am\u00e9rique<\/a><\/h3>\n<!-- \/wp:heading --><!-- wp:paragraph -->\n<p><img loading=\"lazy\" decoding=\"async\" class=\"alignnone size-medium wp-image-2397\" src=\"https:\/\/ccov.fr\/neufchateau\/wp-content\/uploads\/sites\/2\/2026\/03\/Baden-Baden-Ostrya_carpinifolia-04-Hopfenbuche-2020-gje-300x200.jpg\" alt=\"\" width=\"300\" height=\"200\" srcset=\"https:\/\/ccov.fr\/neufchateau\/wp-content\/uploads\/sites\/2\/2026\/03\/Baden-Baden-Ostrya_carpinifolia-04-Hopfenbuche-2020-gje-300x200.jpg 300w, https:\/\/ccov.fr\/neufchateau\/wp-content\/uploads\/sites\/2\/2026\/03\/Baden-Baden-Ostrya_carpinifolia-04-Hopfenbuche-2020-gje-768x512.jpg 768w, https:\/\/ccov.fr\/neufchateau\/wp-content\/uploads\/sites\/2\/2026\/03\/Baden-Baden-Ostrya_carpinifolia-04-Hopfenbuche-2020-gje.jpg 960w\" sizes=\"(max-width: 300px) 100vw, 300px\" \/><\/p>\n<!-- \/wp:paragraph --><!-- wp:heading {\"level\":3} -->\n<h3 class=\"wp-block-heading\"><a href=\"https:\/\/ccov.fr\/neufchateau\/vie-quotidienne\/environnement\/parc-des-confluences\/plantations\/charme-houblon\/\">Charme houblon<\/a><\/h3>\n<!-- \/wp:heading --><!-- wp:paragraph -->\n<p><img loading=\"lazy\" decoding=\"async\" class=\"alignnone size-medium wp-image-2407\" src=\"https:\/\/ccov.fr\/neufchateau\/wp-content\/uploads\/sites\/2\/2026\/03\/\u0427\u0435\u0440\u0435\u043c\u0443\u0445\u0430_\u041c\u0430\u0430\u043a\u0430_\u0441\u0435\u043c\u0435\u0439\u0441\u0442\u0432\u0430_\u0440\u043e\u0437\u043e\u0432\u044b\u0445-257x300.jpg\" alt=\"\" width=\"257\" height=\"300\" srcset=\"https:\/\/ccov.fr\/neufchateau\/wp-content\/uploads\/sites\/2\/2026\/03\/\u0427\u0435\u0440\u0435\u043c\u0443\u0445\u0430_\u041c\u0430\u0430\u043a\u0430_\u0441\u0435\u043c\u0435\u0439\u0441\u0442\u0432\u0430_\u0440\u043e\u0437\u043e\u0432\u044b\u0445-257x300.jpg 257w, https:\/\/ccov.fr\/neufchateau\/wp-content\/uploads\/sites\/2\/2026\/03\/\u0427\u0435\u0440\u0435\u043c\u0443\u0445\u0430_\u041c\u0430\u0430\u043a\u0430_\u0441\u0435\u043c\u0435\u0439\u0441\u0442\u0432\u0430_\u0440\u043e\u0437\u043e\u0432\u044b\u0445.jpg 500w\" sizes=\"(max-width: 257px) 100vw, 257px\" \/><\/p>\n<!-- \/wp:paragraph --><!-- wp:heading {\"level\":3} -->\n<h3 class=\"wp-block-heading\"><a href=\"https:\/\/ccov.fr\/neufchateau\/vie-quotidienne\/environnement\/parc-des-confluences\/plantations\/cerisier-de-mandchourie\/\">Cerisier de Mandchourie<\/a><\/h3>\n<!-- \/wp:heading --><!-- wp:paragraph -->\n<p><img loading=\"lazy\" decoding=\"async\" class=\"alignnone size-medium wp-image-2413\" src=\"https:\/\/ccov.fr\/neufchateau\/wp-content\/uploads\/sites\/2\/2026\/03\/Munster_Park_Sentmaring_-_2016_-_1888-300x169.jpg\" alt=\"\" width=\"300\" height=\"169\" srcset=\"https:\/\/ccov.fr\/neufchateau\/wp-content\/uploads\/sites\/2\/2026\/03\/Munster_Park_Sentmaring_-_2016_-_1888-300x169.jpg 300w, https:\/\/ccov.fr\/neufchateau\/wp-content\/uploads\/sites\/2\/2026\/03\/Munster_Park_Sentmaring_-_2016_-_1888-768x432.jpg 768w, https:\/\/ccov.fr\/neufchateau\/wp-content\/uploads\/sites\/2\/2026\/03\/Munster_Park_Sentmaring_-_2016_-_1888.jpg 960w\" sizes=\"(max-width: 300px) 100vw, 300px\" \/><\/p>\n<!-- \/wp:paragraph --><!-- wp:heading {\"level\":3} -->\n<h3 class=\"wp-block-heading\"><a href=\"https:\/\/ccov.fr\/neufchateau\/vie-quotidienne\/environnement\/parc-des-confluences\/plantations\/cerisier-du-japon-sunset-boulevard\/\">Cerisier du Japon<\/a><\/h3>\n<!-- \/wp:heading --><!-- wp:paragraph -->\n<p><img loading=\"lazy\" decoding=\"async\" class=\"alignnone size-medium wp-image-2420\" src=\"https:\/\/ccov.fr\/neufchateau\/wp-content\/uploads\/sites\/2\/2026\/03\/Munster_Park_Sentmaring_-_2016_-_1767-200x300.jpg\" alt=\"\" width=\"200\" height=\"300\" srcset=\"https:\/\/ccov.fr\/neufchateau\/wp-content\/uploads\/sites\/2\/2026\/03\/Munster_Park_Sentmaring_-_2016_-_1767-200x300.jpg 200w, https:\/\/ccov.fr\/neufchateau\/wp-content\/uploads\/sites\/2\/2026\/03\/Munster_Park_Sentmaring_-_2016_-_1767.jpg 500w\" sizes=\"(max-width: 200px) 100vw, 200px\" \/><\/p>\n<!-- \/wp:paragraph --><!-- wp:heading {\"level\":3} -->\n<h3 class=\"wp-block-heading\"><a href=\"https:\/\/ccov.fr\/neufchateau\/vie-quotidienne\/environnement\/parc-des-confluences\/plantations\/cerisier-du-japon-tai-haku\/\">Cerisier des collines<\/a><\/h3>\n<!-- \/wp:heading --><!-- wp:paragraph -->\n<p><img loading=\"lazy\" decoding=\"async\" class=\"alignnone size-medium wp-image-2425\" src=\"https:\/\/ccov.fr\/neufchateau\/wp-content\/uploads\/sites\/2\/2026\/03\/Quercus_palustris_autumn_color_Pionirski_park_Belgrade-300x296.jpg\" alt=\"\" width=\"300\" height=\"296\" srcset=\"https:\/\/ccov.fr\/neufchateau\/wp-content\/uploads\/sites\/2\/2026\/03\/Quercus_palustris_autumn_color_Pionirski_park_Belgrade-300x296.jpg 300w, https:\/\/ccov.fr\/neufchateau\/wp-content\/uploads\/sites\/2\/2026\/03\/Quercus_palustris_autumn_color_Pionirski_park_Belgrade-768x758.jpg 768w, https:\/\/ccov.fr\/neufchateau\/wp-content\/uploads\/sites\/2\/2026\/03\/Quercus_palustris_autumn_color_Pionirski_park_Belgrade.jpg 960w\" sizes=\"(max-width: 300px) 100vw, 300px\" \/><\/p>\n<!-- \/wp:paragraph --><!-- wp:heading {\"level\":3} -->\n<h3 class=\"wp-block-heading\"><a href=\"https:\/\/ccov.fr\/neufchateau\/vie-quotidienne\/environnement\/parc-des-confluences\/plantations\/chene-des-marais\">Ch\u00eane des marais<\/a><\/h3>\n<!-- \/wp:heading --><!-- wp:paragraph -->\n<p><img loading=\"lazy\" decoding=\"async\" class=\"size-medium wp-image-2436\" src=\"https:\/\/ccov.fr\/neufchateau\/wp-content\/uploads\/sites\/2\/2026\/03\/Kornik_Arboretum_dab_szypulkowy_Kostera-225x300.jpg\" alt=\"\" width=\"225\" height=\"300\" srcset=\"https:\/\/ccov.fr\/neufchateau\/wp-content\/uploads\/sites\/2\/2026\/03\/Kornik_Arboretum_dab_szypulkowy_Kostera-225x300.jpg 225w, https:\/\/ccov.fr\/neufchateau\/wp-content\/uploads\/sites\/2\/2026\/03\/Kornik_Arboretum_dab_szypulkowy_Kostera.jpg 500w\" sizes=\"(max-width: 225px) 100vw, 225px\" \/><\/p>\n<!-- \/wp:paragraph --><!-- wp:heading {\"level\":3} -->\n<h3 class=\"wp-block-heading\"><a href=\"https:\/\/ccov.fr\/neufchateau\/vie-quotidienne\/environnement\/parc-des-confluences\/plantations\/chene-pyramidal\/\">Ch\u00eane pyramidal<\/a><\/h3>\n<!-- \/wp:heading --><!-- wp:paragraph -->\n<p><img loading=\"lazy\" decoding=\"async\" class=\"alignnone size-medium wp-image-2440\" src=\"https:\/\/ccov.fr\/neufchateau\/wp-content\/uploads\/sites\/2\/2026\/03\/Populus_tremula_var_sieboldii_in_Hokkaido-2-225x300.jpg\" alt=\"\" width=\"225\" height=\"300\" srcset=\"https:\/\/ccov.fr\/neufchateau\/wp-content\/uploads\/sites\/2\/2026\/03\/Populus_tremula_var_sieboldii_in_Hokkaido-2-225x300.jpg 225w, https:\/\/ccov.fr\/neufchateau\/wp-content\/uploads\/sites\/2\/2026\/03\/Populus_tremula_var_sieboldii_in_Hokkaido-2.jpg 500w\" sizes=\"(max-width: 225px) 100vw, 225px\" \/><\/p>\n<!-- \/wp:paragraph --><!-- wp:heading {\"level\":3} -->\n<h3 class=\"wp-block-heading\"><a href=\"https:\/\/ccov.fr\/neufchateau\/vie-quotidienne\/environnement\/parc-des-confluences\/plantations\/peuplier-tremble\/\">Peuplier tremble<\/a><\/h3>\n<!-- \/wp:heading --><!-- wp:paragraph -->\n<p><img loading=\"lazy\" decoding=\"async\" class=\"alignnone size-medium wp-image-2444\" src=\"https:\/\/ccov.fr\/neufchateau\/wp-content\/uploads\/sites\/2\/2026\/03\/Cedrus_deodara_A-199x300.jpg\" alt=\"\" width=\"199\" height=\"300\" srcset=\"https:\/\/ccov.fr\/neufchateau\/wp-content\/uploads\/sites\/2\/2026\/03\/Cedrus_deodara_A-199x300.jpg 199w, https:\/\/ccov.fr\/neufchateau\/wp-content\/uploads\/sites\/2\/2026\/03\/Cedrus_deodara_A.jpg 500w\" sizes=\"(max-width: 199px) 100vw, 199px\" \/><\/p>\n<!-- \/wp:paragraph --><!-- wp:heading {\"level\":3} -->\n<h3 class=\"wp-block-heading\"><a href=\"https:\/\/ccov.fr\/neufchateau\/vie-quotidienne\/environnement\/parc-des-confluences\/plantations\/cedre-de-lhimalaya\/\">C\u00e8dre de l\u2019Himalaya<\/a><\/h3>\n<!-- \/wp:heading --><!-- wp:paragraph -->\n<p><img loading=\"lazy\" decoding=\"async\" class=\"alignnone size-medium wp-image-2451\" src=\"https:\/\/ccov.fr\/neufchateau\/wp-content\/uploads\/sites\/2\/2026\/03\/Scots_Pine_Pinus_sylvestris_-_Oslo_Norway_2020-08-24-200x300.jpg\" alt=\"\" width=\"200\" height=\"300\" srcset=\"https:\/\/ccov.fr\/neufchateau\/wp-content\/uploads\/sites\/2\/2026\/03\/Scots_Pine_Pinus_sylvestris_-_Oslo_Norway_2020-08-24-200x300.jpg 200w, https:\/\/ccov.fr\/neufchateau\/wp-content\/uploads\/sites\/2\/2026\/03\/Scots_Pine_Pinus_sylvestris_-_Oslo_Norway_2020-08-24.jpg 500w\" sizes=\"(max-width: 200px) 100vw, 200px\" \/><\/p>\n<!-- \/wp:paragraph --><!-- wp:heading {\"level\":3} -->\n<h3 class=\"wp-block-heading\"><a href=\"https:\/\/ccov.fr\/neufchateau\/vie-quotidienne\/environnement\/parc-des-confluences\/plantations\/pin-sylvestre\/\">Pin sylvestre<\/a><\/h3>\n<!-- \/wp:heading --><!-- wp:paragraph -->\n<p><img loading=\"lazy\" decoding=\"async\" class=\"alignnone size-medium wp-image-2460\" src=\"https:\/\/ccov.fr\/neufchateau\/wp-content\/uploads\/sites\/2\/2026\/03\/Concolor_fir_on_the_campus_of_Haverford_College_Haverford_PA_USA-225x300.jpg\" alt=\"\" width=\"225\" height=\"300\" srcset=\"https:\/\/ccov.fr\/neufchateau\/wp-content\/uploads\/sites\/2\/2026\/03\/Concolor_fir_on_the_campus_of_Haverford_College_Haverford_PA_USA-225x300.jpg 225w, https:\/\/ccov.fr\/neufchateau\/wp-content\/uploads\/sites\/2\/2026\/03\/Concolor_fir_on_the_campus_of_Haverford_College_Haverford_PA_USA.jpg 500w\" sizes=\"(max-width: 225px) 100vw, 225px\" \/><\/p>\n<!-- \/wp:paragraph --><!-- wp:heading {\"level\":3} -->\n<h3 class=\"wp-block-heading\"><a href=\"https:\/\/ccov.fr\/neufchateau\/vie-quotidienne\/environnement\/parc-des-confluences\/plantations\/sapin-du-colorado\/\">Sapin du Colorado<\/a><\/h3>\n<!-- \/wp:heading --><!-- wp:paragraph -->\n<p><img loading=\"lazy\" decoding=\"async\" class=\"alignnone size-medium wp-image-2464\" src=\"https:\/\/ccov.fr\/neufchateau\/wp-content\/uploads\/sites\/2\/2026\/03\/Sequoiadendron_giganteum_Mamutowiec_olbrzymi_2023-04-30_02-225x300.jpg\" alt=\"\" width=\"225\" height=\"300\" srcset=\"https:\/\/ccov.fr\/neufchateau\/wp-content\/uploads\/sites\/2\/2026\/03\/Sequoiadendron_giganteum_Mamutowiec_olbrzymi_2023-04-30_02-225x300.jpg 225w, https:\/\/ccov.fr\/neufchateau\/wp-content\/uploads\/sites\/2\/2026\/03\/Sequoiadendron_giganteum_Mamutowiec_olbrzymi_2023-04-30_02.jpg 500w\" sizes=\"(max-width: 225px) 100vw, 225px\" \/><\/p>\n<!-- \/wp:paragraph --><!-- wp:heading {\"level\":3} -->\n<h3 class=\"wp-block-heading\"><a href=\"https:\/\/ccov.fr\/neufchateau\/vie-quotidienne\/environnement\/parc-des-confluences\/plantations\/sequoia-geant\/\">S\u00e9quoia g\u00e9ant<\/a><\/h3>\n<!-- \/wp:heading --><!-- wp:paragraph -->\n<p><img loading=\"lazy\" decoding=\"async\" class=\"alignnone size-medium wp-image-2471\" src=\"https:\/\/ccov.fr\/neufchateau\/wp-content\/uploads\/sites\/2\/2026\/03\/Acer_campestre_006-225x300.jpg\" alt=\"\" width=\"225\" height=\"300\" srcset=\"https:\/\/ccov.fr\/neufchateau\/wp-content\/uploads\/sites\/2\/2026\/03\/Acer_campestre_006-225x300.jpg 225w, https:\/\/ccov.fr\/neufchateau\/wp-content\/uploads\/sites\/2\/2026\/03\/Acer_campestre_006.jpg 500w\" sizes=\"(max-width: 225px) 100vw, 225px\" \/><\/p>\n<!-- \/wp:paragraph --><!-- wp:heading {\"level\":3} -->\n<h3 class=\"wp-block-heading\"><a href=\"https:\/\/ccov.fr\/neufchateau\/vie-quotidienne\/environnement\/parc-des-confluences\/plantations\/erable-champetre\/\">Erable champ\u00eatre<\/a><\/h3>\n<!-- \/wp:heading --><!-- wp:paragraph -->\n<p><img loading=\"lazy\" decoding=\"async\" class=\"alignnone size-medium wp-image-2474\" src=\"https:\/\/ccov.fr\/neufchateau\/wp-content\/uploads\/sites\/2\/2026\/03\/Image-Bird_cherry_blossom_Prunus_padus_in_Finnish_tuomi-300x225.jpg\" alt=\"\" width=\"300\" height=\"225\" srcset=\"https:\/\/ccov.fr\/neufchateau\/wp-content\/uploads\/sites\/2\/2026\/03\/Image-Bird_cherry_blossom_Prunus_padus_in_Finnish_tuomi-300x225.jpg 300w, https:\/\/ccov.fr\/neufchateau\/wp-content\/uploads\/sites\/2\/2026\/03\/Image-Bird_cherry_blossom_Prunus_padus_in_Finnish_tuomi-768x576.jpg 768w, https:\/\/ccov.fr\/neufchateau\/wp-content\/uploads\/sites\/2\/2026\/03\/Image-Bird_cherry_blossom_Prunus_padus_in_Finnish_tuomi.jpg 960w\" sizes=\"(max-width: 300px) 100vw, 300px\" \/><\/p>\n<!-- \/wp:paragraph --><!-- wp:heading {\"level\":3} -->\n<h3 class=\"wp-block-heading\"><a href=\"https:\/\/ccov.fr\/neufchateau\/vie-quotidienne\/environnement\/parc-des-confluences\/plantations\/merisier-a-grappes\/\">Merisier \u00e0 grappes<\/a><\/h3>\n<!-- \/wp:heading --><!-- wp:paragraph -->\n<p><img loading=\"lazy\" decoding=\"async\" class=\"alignnone size-medium wp-image-2312\" src=\"https:\/\/ccov.fr\/neufchateau\/wp-content\/uploads\/sites\/2\/2026\/03\/TetradiumDaniellii-300x225.jpg\" alt=\"\" width=\"300\" height=\"225\" srcset=\"https:\/\/ccov.fr\/neufchateau\/wp-content\/uploads\/sites\/2\/2026\/03\/TetradiumDaniellii-300x225.jpg 300w, https:\/\/ccov.fr\/neufchateau\/wp-content\/uploads\/sites\/2\/2026\/03\/TetradiumDaniellii-1024x768.jpg 1024w, https:\/\/ccov.fr\/neufchateau\/wp-content\/uploads\/sites\/2\/2026\/03\/TetradiumDaniellii-768x576.jpg 768w, https:\/\/ccov.fr\/neufchateau\/wp-content\/uploads\/sites\/2\/2026\/03\/TetradiumDaniellii-1536x1152.jpg 1536w, https:\/\/ccov.fr\/neufchateau\/wp-content\/uploads\/sites\/2\/2026\/03\/TetradiumDaniellii-2048x1536.jpg 2048w\" sizes=\"(max-width: 300px) 100vw, 300px\" \/><\/p>\n<!-- \/wp:paragraph --><!-- wp:heading {\"level\":3} -->\n<h3 class=\"wp-block-heading\"><a href=\"https:\/\/ccov.fr\/neufchateau\/vie-quotidienne\/environnement\/parc-des-confluences\/plantations\/arbre-a-miel\/\">Arbre \u00e0 miel<\/a><\/h3>\n<!-- \/wp:heading --><!-- wp:paragraph -->\n<p><img loading=\"lazy\" decoding=\"async\" class=\"alignnone size-medium wp-image-2479\" src=\"https:\/\/ccov.fr\/neufchateau\/wp-content\/uploads\/sites\/2\/2026\/03\/Alnus_cordata_alder_tree-225x300.jpg\" alt=\"\" width=\"225\" height=\"300\" srcset=\"https:\/\/ccov.fr\/neufchateau\/wp-content\/uploads\/sites\/2\/2026\/03\/Alnus_cordata_alder_tree-225x300.jpg 225w, https:\/\/ccov.fr\/neufchateau\/wp-content\/uploads\/sites\/2\/2026\/03\/Alnus_cordata_alder_tree.jpg 500w\" sizes=\"(max-width: 225px) 100vw, 225px\" \/><\/p>\n<p>\u00a0<\/p>\n<!-- \/wp:paragraph --><!-- wp:heading {\"level\":3} -->\n<h3 class=\"wp-block-heading\"><a href=\"https:\/\/ccov.fr\/neufchateau\/vie-quotidienne\/environnement\/parc-des-confluences\/plantations\/aulne-a-feuilles\/\">Aulne \u00e0 feuilles en coeur<\/a><\/h3>\n<!-- \/wp:heading --><!-- wp:paragraph -->\n<p><img loading=\"lazy\" decoding=\"async\" class=\"size-medium wp-image-2485\" src=\"https:\/\/ccov.fr\/neufchateau\/wp-content\/uploads\/sites\/2\/2026\/03\/Suskirsche_Prunus_avium-225x300.jpg\" alt=\"\" width=\"225\" height=\"300\" srcset=\"https:\/\/ccov.fr\/neufchateau\/wp-content\/uploads\/sites\/2\/2026\/03\/Suskirsche_Prunus_avium-225x300.jpg 225w, https:\/\/ccov.fr\/neufchateau\/wp-content\/uploads\/sites\/2\/2026\/03\/Suskirsche_Prunus_avium.jpg 500w\" sizes=\"(max-width: 225px) 100vw, 225px\" \/><\/p>\n<!-- \/wp:paragraph --><!-- wp:heading {\"level\":3} -->\n<h3 class=\"wp-block-heading\"><a href=\"https:\/\/ccov.fr\/neufchateau\/vie-quotidienne\/environnement\/parc-des-confluences\/plantations\/cerisier-des-oiseaux\/\">Cerisier des oiseaux<\/a><\/h3>\n<!-- \/wp:heading --><!-- wp:paragraph -->\n<p><img loading=\"lazy\" decoding=\"async\" class=\"alignnone size-medium wp-image-2489\" src=\"https:\/\/ccov.fr\/neufchateau\/wp-content\/uploads\/sites\/2\/2026\/03\/Magnolia_grandiflora_01_by_Line1-225x300.jpg\" alt=\"\" width=\"225\" height=\"300\" srcset=\"https:\/\/ccov.fr\/neufchateau\/wp-content\/uploads\/sites\/2\/2026\/03\/Magnolia_grandiflora_01_by_Line1-225x300.jpg 225w, https:\/\/ccov.fr\/neufchateau\/wp-content\/uploads\/sites\/2\/2026\/03\/Magnolia_grandiflora_01_by_Line1.jpg 500w\" sizes=\"(max-width: 225px) 100vw, 225px\" \/><\/p>\n<!-- \/wp:paragraph --><!-- wp:heading {\"level\":3} -->\n<h3 class=\"wp-block-heading\"><a href=\"https:\/\/ccov.fr\/neufchateau\/vie-quotidienne\/environnement\/parc-des-confluences\/plantations\/magnolia-a-grandes-fleurs\/\">Magnolia \u00e0 grandes fleurs<\/a><\/h3>\n<!-- \/wp:heading --><!-- wp:paragraph -->\n<p>La cr\u00e9ation du parc urbain en zone humide est cofinanc\u00e9 par l\u2019union europ\u00e9enne avec le Fonds Europ\u00e9en de D\u00e9veloppement R\u00e9gional. Le projet a b\u00e9n\u00e9fici\u00e9 \u00e9galement des aides financi\u00e8res de l\u2019Agence de l\u2019eau Rhin-Meuse, de la R\u00e9gion Grand Est, du Conseil D\u00e9partemental des Vosges et de l\u2019Etat (DETR).\u00a0<\/p>\n<!-- \/wp:paragraph --><!-- wp:paragraph -->\n<p><strong>Montant de l\u2019aide FEDER attribu\u00e9e : 354\u00a0531,46 \u20ac<\/strong><\/p>\n<!-- \/wp:paragraph --><!-- wp:image {\"id\":1807,\"width\":\"221px\",\"height\":\"auto\",\"sizeSlug\":\"full\",\"linkDestination\":\"none\"} -->\n<figure class=\"wp-block-image size-full is-resized\"><img loading=\"lazy\" decoding=\"async\" width=\"584\" height=\"457\" class=\"wp-image-1807\" style=\"width: 221px; height: auto;\" src=\"https:\/\/ccov.square-com.fr\/neufchateau\/wp-content\/uploads\/sites\/2\/2025\/08\/feder-fonds-europeens-de-developpement-regional_logo.jpg\" alt=\"\" srcset=\"https:\/\/ccov.fr\/neufchateau\/wp-content\/uploads\/sites\/2\/2025\/08\/feder-fonds-europeens-de-developpement-regional_logo.jpg 584w, https:\/\/ccov.fr\/neufchateau\/wp-content\/uploads\/sites\/2\/2025\/08\/feder-fonds-europeens-de-developpement-regional_logo-300x235.jpg 300w\" sizes=\"(max-width: 584px) 100vw, 584px\" \/><\/figure>\n<!-- \/wp:image --><!-- wp:image {\"id\":1808,\"width\":\"192px\",\"height\":\"auto\",\"sizeSlug\":\"full\",\"linkDestination\":\"none\"} -->\n<figure class=\"wp-block-image size-full is-resized\"><img loading=\"lazy\" decoding=\"async\" width=\"965\" height=\"392\" class=\"wp-image-1808\" style=\"width: 192px; height: auto;\" src=\"https:\/\/ccov.square-com.fr\/neufchateau\/wp-content\/uploads\/sites\/2\/2025\/08\/agence-de-l-eau-rhin-meuse_2.jpg\" alt=\"\" srcset=\"https:\/\/ccov.fr\/neufchateau\/wp-content\/uploads\/sites\/2\/2025\/08\/agence-de-l-eau-rhin-meuse_2.jpg 965w, https:\/\/ccov.fr\/neufchateau\/wp-content\/uploads\/sites\/2\/2025\/08\/agence-de-l-eau-rhin-meuse_2-300x122.jpg 300w, https:\/\/ccov.fr\/neufchateau\/wp-content\/uploads\/sites\/2\/2025\/08\/agence-de-l-eau-rhin-meuse_2-768x312.jpg 768w\" sizes=\"(max-width: 965px) 100vw, 965px\" \/><\/figure>\n<!-- \/wp:image --><!-- wp:image {\"id\":1809,\"width\":\"193px\",\"height\":\"auto\",\"sizeSlug\":\"full\",\"linkDestination\":\"none\"} -->\n<figure class=\"wp-block-image size-full is-resized\"><img loading=\"lazy\" decoding=\"async\" width=\"388\" height=\"130\" class=\"wp-image-1809\" style=\"width: 193px; height: auto;\" src=\"https:\/\/ccov.square-com.fr\/neufchateau\/wp-content\/uploads\/sites\/2\/2025\/08\/REGION-GRAND-EST.png\" alt=\"\" srcset=\"https:\/\/ccov.fr\/neufchateau\/wp-content\/uploads\/sites\/2\/2025\/08\/REGION-GRAND-EST.png 388w, https:\/\/ccov.fr\/neufchateau\/wp-content\/uploads\/sites\/2\/2025\/08\/REGION-GRAND-EST-300x101.png 300w\" sizes=\"(max-width: 388px) 100vw, 388px\" \/><\/figure>\n<!-- \/wp:image --><!-- wp:image {\"id\":1810,\"width\":\"194px\",\"height\":\"auto\",\"sizeSlug\":\"full\",\"linkDestination\":\"none\"} -->\n<figure class=\"wp-block-image size-full is-resized\"><img loading=\"lazy\" decoding=\"async\" width=\"1024\" height=\"420\" class=\"wp-image-1810\" style=\"width: 194px; height: auto;\" src=\"https:\/\/ccov.square-com.fr\/neufchateau\/wp-content\/uploads\/sites\/2\/2025\/08\/J3V.jpg\" alt=\"\" srcset=\"https:\/\/ccov.fr\/neufchateau\/wp-content\/uploads\/sites\/2\/2025\/08\/J3V.jpg 1024w, https:\/\/ccov.fr\/neufchateau\/wp-content\/uploads\/sites\/2\/2025\/08\/J3V-300x123.jpg 300w, https:\/\/ccov.fr\/neufchateau\/wp-content\/uploads\/sites\/2\/2025\/08\/J3V-768x315.jpg 768w\" sizes=\"(max-width: 1024px) 100vw, 1024px\" \/><\/figure>\n<!-- \/wp:image --><!-- wp:image {\"id\":1811,\"width\":\"184px\",\"height\":\"auto\",\"sizeSlug\":\"full\",\"linkDestination\":\"none\"} -->\n<figure class=\"wp-block-image size-full is-resized\"><img loading=\"lazy\" decoding=\"async\" width=\"278\" height=\"181\" class=\"wp-image-1811\" style=\"width: 184px; height: auto;\" src=\"https:\/\/ccov.square-com.fr\/neufchateau\/wp-content\/uploads\/sites\/2\/2025\/08\/ETAT.jpg\" alt=\"\" \/><\/figure>\n<!-- \/wp:image -->\t\t\t\t\t\t<\/div>\n\t\t\t\t<\/div>\n\t\t\t\t\t<\/div>\n\t\t\t\t<\/div>\n\t\t\t\t<\/div>\n\t\t","protected":false},"featured_media":0,"parent":783,"menu_order":0,"template":"","categories":[51,47],"class_list":["post-776","contenu","type-contenu","status-publish","hentry","category-environnement","category-vie-quotidienne"],"acf":[],"_links":{"self":[{"href":"https:\/\/ccov.fr\/neufchateau\/wp-json\/wp\/v2\/contenu\/776","targetHints":{"allow":["GET"]}}],"collection":[{"href":"https:\/\/ccov.fr\/neufchateau\/wp-json\/wp\/v2\/contenu"}],"about":[{"href":"https:\/\/ccov.fr\/neufchateau\/wp-json\/wp\/v2\/types\/contenu"}],"version-history":[{"count":47,"href":"https:\/\/ccov.fr\/neufchateau\/wp-json\/wp\/v2\/contenu\/776\/revisions"}],"predecessor-version":[{"id":2503,"href":"https:\/\/ccov.fr\/neufchateau\/wp-json\/wp\/v2\/contenu\/776\/revisions\/2503"}],"up":[{"embeddable":true,"href":"https:\/\/ccov.fr\/neufchateau\/wp-json\/wp\/v2\/contenu\/783"}],"wp:attachment":[{"href":"https:\/\/ccov.fr\/neufchateau\/wp-json\/wp\/v2\/media?parent=776"}],"wp:term":[{"taxonomy":"category","embeddable":true,"href":"https:\/\/ccov.fr\/neufchateau\/wp-json\/wp\/v2\/categories?post=776"}],"curies":[{"name":"wp","href":"https:\/\/api.w.org\/{rel}","templated":true}]}}